{"version":"1.0","provider_name":"Le Virois Masqu\u00e9","provider_url":"https:\/\/leviroismasque.com","author_name":"admin3115","author_url":"https:\/\/leviroismasque.com\/index.php\/author\/admin3115\/","title":"Des marques sont prises - Le Virois Masqu\u00e9","type":"rich","width":600,"height":338,"html":"<blockquote class=\"wp-embedded-content\"><a href=\"https:\/\/leviroismasque.com\/index.php\/2025\/12\/02\/des-marques-sont-prises\/\">Des marques sont prises<\/a><\/blockquote>\n<script type='text\/javascript'>\n<!--\/\/--><![CDATA[\/\/><!--\n\t\t\/*! This file is auto-generated *\/\n\t\t!function(d,l){\"use strict\";var e=!1,n=!1;if(l.querySelector)if(d.addEventListener)e=!0;if(d.wp=d.wp||{},!d.wp.receiveEmbedMessage)if(d.wp.receiveEmbedMessage=function(e){var t=e.data;if(t)if(t.secret||t.message||t.value)if(!\/[^a-zA-Z0-9]\/.test(t.secret)){for(var r,i,a,s=l.querySelectorAll('iframe[data-secret=\"'+t.secret+'\"]'),n=l.querySelectorAll('blockquote[data-secret=\"'+t.secret+'\"]'),o=new RegExp(\"^https?:$\",\"i\"),c=0;c<n.length;c++)n[c].style.display=\"none\";for(c=0;c<s.length;c++)if(r=s[c],e.source===r.contentWindow){if(r.removeAttribute(\"style\"),\"height\"===t.message){if(1e3<(a=parseInt(t.value,10)))a=1e3;else if(~~a<200)a=200;r.height=a}if(\"link\"===t.message)if(i=l.createElement(\"a\"),a=l.createElement(\"a\"),i.href=r.getAttribute(\"src\"),a.href=t.value,o.test(a.protocol))if(a.host===i.host)if(l.activeElement===r)d.top.location.href=t.value}}},e)d.addEventListener(\"message\",d.wp.receiveEmbedMessage,!1),l.addEventListener(\"DOMContentLoaded\",t,!1),d.addEventListener(\"load\",t,!1);function t(){if(!n){n=!0;for(var e,t,r=-1!==navigator.appVersion.indexOf(\"MSIE 10\"),i=!!navigator.userAgent.match(\/Trident.*rv:11\\.\/),a=l.querySelectorAll(\"iframe.wp-embedded-content\"),s=0;s<a.length;s++){if(!(e=a[s]).getAttribute(\"data-secret\"))t=Math.random().toString(36).substr(2,10),e.src+=\"#?secret=\"+t,e.setAttribute(\"data-secret\",t);if(r||i)(t=e.cloneNode(!0)).removeAttribute(\"security\"),e.parentNode.replaceChild(t,e)}}}}(window,document);\n\/\/--><!]]>\n<\/script><iframe sandbox=\"allow-scripts\" security=\"restricted\" src=\"https:\/\/leviroismasque.com\/index.php\/2025\/12\/02\/des-marques-sont-prises\/embed\/\" width=\"600\" height=\"338\" title=\"\u00ab\u00a0Des marques sont prises\u00a0\u00bb &#8212; Le Virois Masqu\u00e9\" frameborder=\"0\" marginwidth=\"0\" marginheight=\"0\" scrolling=\"no\" class=\"wp-embedded-content\"><\/iframe>","description":"Un article r\u00e9cent de La Voix Le Bocage relatait la r\u00e9cente r\u00e9union, le 22 novembre, du Collectif du Val de Vire qui avait \u00e9t\u00e9 form\u00e9 pour protester contre la fermeture du coll\u00e8ge. https:\/\/actu.fr\/normandie\/vire-normandie_14762\/college-du-val-de-vire-quelle-suite-pour-le-collectif-oppose-a-sa-fermeture_63480266.html Le coll\u00e8ge \u00e9tant d\u00e9finitivement ferm\u00e9, des membres s&rsquo;inqui\u00e9taient \u00e0 juste titre de l&rsquo;avenir du b\u00e2timent qui appartient au d\u00e9partement du Calvados. Et [&hellip;]","thumbnail_url":"https:\/\/leviroismasque.com\/wp-content\/uploads\/2025\/12\/Picot-college.jpg"}